{"id":3639,"date":"2019-03-19T12:08:10","date_gmt":"2019-03-19T11:08:10","guid":{"rendered":"https:\/\/www.alsocasals.com\/autoconsum-fotovoltaic\/"},"modified":"2021-04-27T17:21:12","modified_gmt":"2021-04-27T15:21:12","slug":"autoconsumo-fotovoltaico","status":"publish","type":"page","link":"https:\/\/www.ac-inst.com\/es\/autoconsumo-fotovoltaico\/","title":{"rendered":"Autoconsumo fotovoltaico"},"content":{"rendered":"<p>[et_pb_section fb_built=\u00bb1&#8243; _builder_version=\u00bb3.22&#8243; background_image=\u00bbhttps:\/\/www.alsocasals.com\/wp-content\/uploads\/2019\/03\/cover-solar-plant.jpg\u00bb custom_padding=\u00bb||10px\u00bb collapsed=\u00bboff\u00bb fb_built=\u00bb1&#8243; _i=\u00bb0&#8243; _address=\u00bb0&#8243;][et_pb_row _builder_version=\u00bb3.25&#8243; custom_padding=\u00bb0|0px|0|0px|false|false\u00bb _i=\u00bb0&#8243; _address=\u00bb0.0&#8243;][et_pb_column type=\u00bb4_4&#8243; _builder_version=\u00bb3.25&#8243; custom_padding=\u00bb|||\u00bb _i=\u00bb0&#8243; _address=\u00bb0.0.0&#8243; custom_padding__hover=\u00bb|||\u00bb][et_pb_text admin_label=\u00bbgenera la teva pr\u00f2pia energia!\u00bb _builder_version=\u00bb3.21.1&#8243; text_font=\u00bb||||||||\u00bb text_orientation=\u00bbcenter\u00bb custom_padding=\u00bb0px||0px\u00bb _i=\u00bb0&#8243; _address=\u00bb0.0.0.0&#8243;]<\/p>\n<h2 style=\"text-align: center; font-weight: bold; font-size: 50px; color: #fff; padding-bottom: 20px;\">\u00a1Genera tu propia energia!<\/h2>\n<h3 style=\"color: #e8aa21; text-align: center; font-weight: 900; font-size: 40px;\">\u00a1AHORA ES EL MOMENTO!<\/h3>\n<p>[\/et_pb_text][\/et_pb_column][\/et_pb_row][et_pb_row module_class=\u00bbautoconsum-slider\u00bb _builder_version=\u00bb3.25&#8243; custom_padding=\u00bb||||false|false\u00bb _i=\u00bb1&#8243; _address=\u00bb0.1&#8243; column_structure=\u00bb1_2,1_2&#8243;][et_pb_column type=\u00bb1_2&#8243; _builder_version=\u00bb3.25&#8243; custom_padding=\u00bb|||\u00bb _i=\u00bb0&#8243; _address=\u00bb0.1.0&#8243; custom_padding__hover=\u00bb|||\u00bb][et_pb_text _builder_version=\u00bb3.21.1&#8243; text_font=\u00bb||||||||\u00bb text_text_color=\u00bb#ffffff\u00bb custom_margin_phone=\u00bb||0px\u00bb custom_margin_last_edited=\u00bbon|phone\u00bb custom_padding=\u00bb|||\u00bb custom_padding_tablet=\u00bb|||\u00bb custom_padding_phone=\u00bb|||\u00bb custom_padding_last_edited=\u00bbon|phone\u00bb _i=\u00bb0&#8243; _address=\u00bb0.1.0.0&#8243;]<\/p>\n<ul class=\"bullet\">\n<li><strong>DE LA ENERGIA SOLAR.<\/strong><\/li>\n<li><strong>DE AHORRAR DE VERDAD A COSTE 0.<\/strong><\/li>\n<\/ul>\n<p>[\/et_pb_text][\/et_pb_column][et_pb_column type=\u00bb1_2&#8243; _builder_version=\u00bb3.25&#8243; custom_padding=\u00bb|||\u00bb _i=\u00bb1&#8243; _address=\u00bb0.1.1&#8243; custom_padding__hover=\u00bb|||\u00bb][et_pb_text _builder_version=\u00bb3.21.1&#8243; text_font=\u00bb||||||||\u00bb text_text_color=\u00bb#ffffff\u00bb custom_margin_phone=\u00bb0px||\u00bb custom_margin_last_edited=\u00bbon|phone\u00bb custom_padding=\u00bb|||\u00bb custom_padding_tablet=\u00bb|||\u00bb custom_padding_phone=\u00bb|||\u00bb custom_padding_last_edited=\u00bbon|phone\u00bb _i=\u00bb0&#8243; _address=\u00bb0.1.1.0&#8243;]<\/p>\n<ul class=\"bullet\">\n<li><strong>DE DECIDIR QU\u00c9 FUTURO QUEREMOS.<\/strong><\/li>\n<li><strong>DEL FINANCIACI\u00d3N GRATUITA.<\/strong><\/li>\n<\/ul>\n<p>[\/et_pb_text][\/et_pb_column][\/et_pb_row][\/et_pb_section][et_pb_section fb_built=\u00bb1&#8243; _builder_version=\u00bb3.22&#8243; fb_built=\u00bb1&#8243; _i=\u00bb1&#8243; _address=\u00bb1&#8243;][et_pb_row _builder_version=\u00bb3.25&#8243; background_image=\u00bbhttps:\/\/www.alsocasals.com\/wp-content\/uploads\/2019\/03\/CTA-financament.jpg\u00bb custom_padding=\u00bb60px||60px\u00bb _i=\u00bb0&#8243; _address=\u00bb1.0&#8243;][et_pb_column type=\u00bb4_4&#8243; _builder_version=\u00bb3.25&#8243; custom_padding=\u00bb|||\u00bb _i=\u00bb0&#8243; _address=\u00bb1.0.0&#8243; custom_padding__hover=\u00bb|||\u00bb][et_pb_text admin_label=\u00bbFinan\u00e7ament\u00bb _builder_version=\u00bb3.21.1&#8243; text_font=\u00bb||||||||\u00bb text_orientation=\u00bbcenter\u00bb _i=\u00bb0&#8243; _address=\u00bb1.0.0.0&#8243;]<\/p>\n<h2 style=\"text-align: center; padding-bottom: 30px;\"><span style=\"color: #ffffff; font-size: 40px; font-weight: 900; line-height: 36px;\">Finan\u00e7ament fins a dos anys sense interessos!<\/span><\/h2>\n<p style=\"text-align: center; padding-bottom: 10px;\"><span style=\"color: #ffffff; font-size: 20px; font-weight: 600;\">I si contractes amb nosaltres durant el 2020<\/span><\/p>\n<h3 style=\"text-align: center;\"><span style=\"color: #ffffff; font-size: 35px; font-weight: 600;\">2 anys de manteniment<\/span> <span style=\"color: #ffffff; font-size: 35px; font-weight: 900;\">GRATU\u00cfT!<\/span><\/h3>\n<p>[\/et_pb_text][et_pb_button button_url=\u00bbhttps:\/\/www.alsocasals.com\/es\/contacto\/\u00bb button_text=\u00bbCONT\u00c1CTANOS\u00bb button_alignment=\u00bbcenter\u00bb admin_label=\u00bbCONTACTA&#8217;NS\u00bb _builder_version=\u00bb3.21.1&#8243; custom_button=\u00bbon\u00bb button_text_size=\u00bb25px\u00bb button_text_color=\u00bb#08A2E3&#8243; button_bg_color=\u00bb#ffffff\u00bb button_border_color=\u00bb#ffffff\u00bb button_border_radius=\u00bb30px\u00bb button_font=\u00bbTitillium Web|700|||||||\u00bb button_use_icon=\u00bboff\u00bb background_layout=\u00bbdark\u00bb custom_padding=\u00bb14px|60px|14px|60px\u00bb button_text_size__hover_enabled=\u00bbon\u00bb button_text_color__hover_enabled=\u00bbon\u00bb button_text_color__hover=\u00bb#ffffff\u00bb button_bg_color__hover_enabled=\u00bbon\u00bb button_bg_color__hover=\u00bb#08a2e3&#8243; _i=\u00bb1&#8243; _address=\u00bb1.0.0.1&#8243;][\/et_pb_button][\/et_pb_column][\/et_pb_row][\/et_pb_section][et_pb_section fb_built=\u00bb1&#8243; admin_label=\u00bbSecci\u00f3n\u00bb _builder_version=\u00bb3.22&#8243; custom_padding=\u00bb0|0px|18px|0px|false|false\u00bb collapsed=\u00bboff\u00bb fb_built=\u00bb1&#8243; _i=\u00bb2&#8243; _address=\u00bb2&#8243;][et_pb_row admin_label=\u00bbFila\u00bb _builder_version=\u00bb3.25&#8243; _i=\u00bb0&#8243; _address=\u00bb2.0&#8243;][et_pb_column type=\u00bb4_4&#8243; _builder_version=\u00bb3.25&#8243; custom_padding=\u00bb|||\u00bb _i=\u00bb0&#8243; _address=\u00bb2.0.0&#8243; custom_padding__hover=\u00bb|||\u00bb][et_pb_text admin_label=\u00bbHABITATGES UNIFAMILIARS, ADOSSATS, XALETS\u00bb _builder_version=\u00bb3.21&#8243; _i=\u00bb0&#8243; _address=\u00bb2.0.0.0&#8243;]<\/p>\n<h2>Viviendas unifamiliares, adosados, chalets<\/h2>\n<p>&nbsp;<\/p>\n<table class=\"tparticulars\">\n<tbody>\n<tr>\n<th>KIT*<\/th>\n<th>PREU<br \/>\n<span style=\"font-size: 14px;\">(IVA inclu\u00eddo)<\/span><\/th>\n<th>N\u00ba PANELES<\/th>\n<th>AMORTIZACI\u00d3N<\/th>\n<th>AHORRO ANUAL<br \/>\n<span style=\"font-size: 14px;\">Aproximado<\/span><\/th>\n<th>CUOTA<br \/>\n2 A\u00d1OS<\/th>\n<\/tr>\n<tr>\n<td>1,5 KW<\/td>\n<td>4.689 \u20ac<\/td>\n<td>6<\/td>\n<td>4-5 A\u00d1OS<\/td>\n<td>1.100 \u20ac<\/td>\n<td>196 \u20ac<\/td>\n<\/tr>\n<tr>\n<td>2,5 KW<\/td>\n<td>5.419 \u20ac<\/td>\n<td>9<\/td>\n<td>4-5 A\u00d1OS<\/td>\n<td>1.300 \u20ac<\/td>\n<td>226 \u20ac<\/td>\n<\/tr>\n<tr>\n<td>3,6 KW<\/td>\n<td>6.534 \u20ac<\/td>\n<td>12<\/td>\n<td>4 A\u00d1OS<\/td>\n<td>1.650 \u20ac<\/td>\n<td>273 \u20ac<\/td>\n<\/tr>\n<tr>\n<td>4,6 KW<\/td>\n<td>7.989 \u20ac<\/td>\n<td>16<\/td>\n<td>4 A\u00d1OS<\/td>\n<td>2.000 \u20ac<\/td>\n<td>333 \u20ac<\/td>\n<\/tr>\n<\/tbody>\n<\/table>\n<p>* Normalmente la inversi\u00f3n ideal es el 70% de la potencia contratada.<br \/>\nCons\u00faltanos para otras potencias, te dise\u00f1amos la mejor inversi\u00f3n.<br \/>\nLa propuesta no incluye bater\u00edas, \u00a1con bater\u00edas mejora m\u00e1s a\u00fan la inversi\u00f3n![\/et_pb_text][et_pb_divider show_divider=\u00bboff\u00bb _builder_version=\u00bb3.21&#8243; height=\u00bb50px\u00bb _i=\u00bb1&#8243; _address=\u00bb2.0.0.1&#8243;][\/et_pb_divider][et_pb_text admin_label=\u00bbGRANGES, FINQUES, IND\u00daSTRIES\u00bb _builder_version=\u00bb3.21&#8243; _i=\u00bb2&#8243; _address=\u00bb2.0.0.2&#8243;]<\/p>\n<h2>Granjas, fincas, industrias<\/h2>\n<p>&nbsp;<\/p>\n<table class=\"tparticulars\">\n<tbody>\n<tr>\n<th>KIT*<\/th>\n<th>PREU<br \/>\n<span style=\"font-size: 14px;\">(IVA incl\u00f2s)<\/span><\/th>\n<th>N\u00ba PANELLS<\/th>\n<th>AMORTITZACI\u00d3<\/th>\n<th>ESTALVI ANUAL<br \/>\n<span style=\"font-size: 14px;\">Aproximat<\/span><\/th>\n<th>QUOTA<br \/>\n2 ANYS<\/th>\n<\/tr>\n<tr>\n<td>4,6 KW<\/td>\n<td>6.602 \u20ac<\/td>\n<td>16<\/td>\n<td>4 &#8211; 5 ANYS<\/td>\n<td>1.467 \u20ac<\/td>\n<td>275,1 \u20ac<\/td>\n<\/tr>\n<tr>\n<td>10 KW<\/td>\n<td>12.500 \u20ac<\/td>\n<td>30<\/td>\n<td>4 &#8211; 5 ANYS<\/td>\n<td>2.778 \u20ac<\/td>\n<td>520,8 \u20ac<\/td>\n<\/tr>\n<tr>\n<td>15 KW<\/td>\n<td>18.750 \u20ac<\/td>\n<td>45<\/td>\n<td>4 &#8211; 5 ANYS<\/td>\n<td>4.167 \u20ac<\/td>\n<td>781,3 \u20ac<\/td>\n<\/tr>\n<tr>\n<td>25 KW<\/td>\n<td>31.250 \u20ac<\/td>\n<td>75<\/td>\n<td>4 ANYS<\/td>\n<td>7.813 \u20ac<\/td>\n<td>1.302,1 \u20ac<\/td>\n<\/tr>\n<tr>\n<td>40 KW<\/td>\n<td>50.000 \u20ac<\/td>\n<td>121<\/td>\n<td>4 ANYS<\/td>\n<td>12.500 \u20ac<\/td>\n<td>2.083,3 \u20ac<\/td>\n<\/tr>\n<tr>\n<td>50 KW<\/td>\n<td>62.500 \u20ac<\/td>\n<td>151<\/td>\n<td>4 ANYS<\/td>\n<td>15.625 \u20ac<\/td>\n<td>2.604,2 \u20ac<\/td>\n<\/tr>\n<\/tbody>\n<\/table>\n<p>* Normalment la inversi\u00f3 ideal \u00e9s el 70% de la potencia contractada.<br \/>\nConsulta\u2019ns per a altres pot\u00e8ncies, et dissenyem la millor inversi\u00f3.[\/et_pb_text][\/et_pb_column][\/et_pb_row][\/et_pb_section][et_pb_section fb_built=\u00bb1&#8243; _builder_version=\u00bb3.22&#8243; custom_padding=\u00bb2px|0px|0|0px|false|false\u00bb fb_built=\u00bb1&#8243; _i=\u00bb3&#8243; _address=\u00bb3&#8243;][et_pb_row _builder_version=\u00bb3.25&#8243; _i=\u00bb0&#8243; _address=\u00bb3.0&#8243;][et_pb_column type=\u00bb4_4&#8243; _builder_version=\u00bb3.25&#8243; custom_padding=\u00bb|||\u00bb _i=\u00bb0&#8243; _address=\u00bb3.0.0&#8243; custom_padding__hover=\u00bb|||\u00bb][et_pb_text admin_label=\u00bbprojectes\u00bb module_class=\u00bbprojectes-titol\u00bb _builder_version=\u00bb3.21.1&#8243; _i=\u00bb0&#8243; _address=\u00bb3.0.0.0&#8243;]<\/p>\n<h2>Proyectos<\/h2>\n<p>[\/et_pb_text][et_pb_gallery gallery_ids=\u00bb4117,4123,4162,4121,4115,4255,4257,4111,4113,4096,4094,4092,4160,4158,4154,4156,4152&#8243; posts_number=\u00bb8&#8243; show_title_and_caption=\u00bboff\u00bb _builder_version=\u00bb3.21.1&#8243; title_font=\u00bb||||||||\u00bb caption_font=\u00bb||||||||\u00bb _i=\u00bb1&#8243; _address=\u00bb3.0.0.1&#8243;][\/et_pb_gallery][\/et_pb_column][\/et_pb_row][\/et_pb_section][et_pb_section fb_built=\u00bb1&#8243; fullwidth=\u00bbon\u00bb _builder_version=\u00bb3.22&#8243; fb_built=\u00bb1&#8243; _i=\u00bb4&#8243; _address=\u00bb4&#8243;][et_pb_fullwidth_header title=\u00bbCon m\u00e1s de 20 a\u00f1os de experiencia somos la empresa pionera en energ\u00edas renovables en las Terres de l&#8217;Ebre.&lt;br&gt;Dise\u00f1amos la instalaci\u00f3n que mejor se adapta a tus necesidades.\u00bb subhead=\u00bb* Materiales, instalaci\u00f3n y legalizaci\u00f3n incluidas en todo los kits.&lt;br&gt;* Todos los precios y amortizaciones estar\u00e1n sujetos a una visita para confirmar las condiciones y ser\u00e1n revisadas si es necesario.\u00bb text_orientation=\u00bbcenter\u00bb button_one_text=\u00bbSOLICITA PRESUPUESTO\u00bb button_one_url=\u00bbhttps:\/\/www.alsocasals.com\/es\/contacto\/\u00bb admin_label=\u00bbexperi\u00e8ncia\u00bb module_class=\u00bbpressupost\u00bb _builder_version=\u00bb3.21.1&#8243; title_level=\u00bbh2&#8243; title_font=\u00bb||||||||\u00bb title_text_align=\u00bbcenter\u00bb title_font_size=\u00bb25px\u00bb title_text_shadow_style=\u00bbpreset5&#8243; title_text_shadow_horizontal_length=\u00bb0.02em\u00bb title_text_shadow_vertical_length=\u00bb0.02em\u00bb title_text_shadow_blur_strength=\u00bb0.01em\u00bb subhead_font=\u00bb||||||||\u00bb subhead_text_align=\u00bbcenter\u00bb subhead_font_size=\u00bb16px\u00bb background_image=\u00bbhttps:\/\/www.alsocasals.com\/wp-content\/uploads\/2019\/03\/CTA-pressupost.jpg\u00bb custom_button_one=\u00bbon\u00bb button_one_text_color=\u00bb#08A2E3&#8243; button_one_bg_color=\u00bb#ffffff\u00bb button_one_border_width=\u00bb2px\u00bb button_one_border_color=\u00bb#08A2E3&#8243; button_one_border_radius=\u00bb30px\u00bb button_one_font=\u00bbTitillium Web|700||on|||||\u00bb button_one_use_icon=\u00bboff\u00bb custom_margin=\u00bb||||true\u00bb custom_padding=\u00bb30px||30px||true|true\u00bb custom_css_button_1=\u00bbpadding: 21px 51px;\u00bb button_one_text_color__hover_enabled=\u00bbon\u00bb button_one_text_color__hover=\u00bb#ffffff\u00bb button_one_bg_color__hover_enabled=\u00bbon\u00bb button_one_bg_color__hover=\u00bb#08A2E3&#8243; button_one_border_color__hover_enabled=\u00bbon\u00bb button_one_border_color__hover=\u00bb#ffffff\u00bb _i=\u00bb0&#8243; _address=\u00bb4.0&#8243;][\/et_pb_fullwidth_header][\/et_pb_section][et_pb_section fb_built=\u00bb1&#8243; _builder_version=\u00bb3.22&#8243; disabled=\u00bbon\u00bb disabled_on=\u00bbon|on|on\u00bb fb_built=\u00bb1&#8243; _i=\u00bb5&#8243; _address=\u00bb5&#8243;][et_pb_row _builder_version=\u00bb3.25&#8243; _i=\u00bb0&#8243; _address=\u00bb5.0&#8243;][et_pb_column type=\u00bb4_4&#8243; _builder_version=\u00bb3.25&#8243; custom_padding=\u00bb|||\u00bb _i=\u00bb0&#8243; _address=\u00bb5.0.0&#8243; custom_padding__hover=\u00bb|||\u00bb][et_pb_gallery gallery_ids=\u00bb4152,4156,4160,4154,4158&#8243; _builder_version=\u00bb3.21.1&#8243; _i=\u00bb0&#8243; _address=\u00bb5.0.0.0&#8243;][\/et_pb_gallery][\/et_pb_column][\/et_pb_row][\/et_pb_section]<\/p>\n","protected":false},"excerpt":{"rendered":"<p>\u00a1Genera tu propia energia! \u00a1AHORA ES EL MOMENTO! DE LA ENERGIA SOLAR. DE AHORRAR DE VERDAD A COSTE 0. DE DECIDIR QU\u00c9 FUTURO QUEREMOS. DEL FINANCIACI\u00d3N GRATUITA. Finan\u00e7ament fins a dos anys sense interessos! I si contractes amb nosaltres durant el 2020 2 anys de manteniment GRATU\u00cfT!Viviendas unifamiliares, adosados, chalets &nbsp; KIT* PREU (IVA inclu\u00eddo) [&hellip;]<\/p>\n","protected":false},"author":2,"featured_media":0,"parent":0,"menu_order":0,"comment_status":"closed","ping_status":"closed","template":"","meta":{"_et_pb_use_builder":"on","_et_pb_old_content":"","_et_gb_content_width":"","footnotes":""},"class_list":["post-3639","page","type-page","status-publish","hentry"],"yoast_head":"<!-- This site is optimized with the Yoast SEO plugin v27.5 - https:\/\/yoast.com\/product\/yoast-seo-wordpress\/ -->\n<title>Autoconsumo fotovoltaico - Also Casals<\/title>\n<meta name=\"robots\" content=\"index, follow, max-snippet:-1, max-image-preview:large, max-video-preview:-1\" \/>\n<link rel=\"canonical\" href=\"https:\/\/www.ac-inst.com\/es\/autoconsumo-fotovoltaico\/\" \/>\n<meta property=\"og:locale\" content=\"es_ES\" \/>\n<meta property=\"og:type\" content=\"article\" \/>\n<meta property=\"og:title\" content=\"Autoconsumo fotovoltaico - Also Casals\" \/>\n<meta property=\"og:description\" content=\"\u00a1Genera tu propia energia! \u00a1AHORA ES EL MOMENTO! DE LA ENERGIA SOLAR. DE AHORRAR DE VERDAD A COSTE 0. DE DECIDIR QU\u00c9 FUTURO QUEREMOS. DEL FINANCIACI\u00d3N GRATUITA. Finan\u00e7ament fins a dos anys sense interessos! I si contractes amb nosaltres durant el 2020 2 anys de manteniment GRATU\u00cfT!Viviendas unifamiliares, adosados, chalets &nbsp; KIT* PREU (IVA inclu\u00eddo) [&hellip;]\" \/>\n<meta property=\"og:url\" content=\"https:\/\/www.ac-inst.com\/es\/autoconsumo-fotovoltaico\/\" \/>\n<meta property=\"og:site_name\" content=\"Also Casals\" \/>\n<meta property=\"article:modified_time\" content=\"2021-04-27T15:21:12+00:00\" \/>\n<meta name=\"twitter:card\" content=\"summary_large_image\" \/>\n<meta name=\"twitter:label1\" content=\"Tiempo de lectura\" \/>\n\t<meta name=\"twitter:data1\" content=\"5 minutos\" \/>\n<script type=\"application\/ld+json\" class=\"yoast-schema-graph\">{\"@context\":\"https:\\\/\\\/schema.org\",\"@graph\":[{\"@type\":\"WebPage\",\"@id\":\"https:\\\/\\\/www.ac-inst.com\\\/es\\\/autoconsumo-fotovoltaico\\\/\",\"url\":\"https:\\\/\\\/www.ac-inst.com\\\/es\\\/autoconsumo-fotovoltaico\\\/\",\"name\":\"Autoconsumo fotovoltaico - Also Casals\",\"isPartOf\":{\"@id\":\"https:\\\/\\\/www.ac-inst.com\\\/#website\"},\"datePublished\":\"2019-03-19T11:08:10+00:00\",\"dateModified\":\"2021-04-27T15:21:12+00:00\",\"inLanguage\":\"es\",\"potentialAction\":[{\"@type\":\"ReadAction\",\"target\":[\"https:\\\/\\\/www.ac-inst.com\\\/es\\\/autoconsumo-fotovoltaico\\\/\"]}]},{\"@type\":\"WebSite\",\"@id\":\"https:\\\/\\\/www.ac-inst.com\\\/#website\",\"url\":\"https:\\\/\\\/www.ac-inst.com\\\/\",\"name\":\"Also Casals\",\"description\":\"Serveis Integrals d&#039;instal\u00b7lacions a les terres de l&#039;Ebre\",\"potentialAction\":[{\"@type\":\"SearchAction\",\"target\":{\"@type\":\"EntryPoint\",\"urlTemplate\":\"https:\\\/\\\/www.ac-inst.com\\\/?s={search_term_string}\"},\"query-input\":{\"@type\":\"PropertyValueSpecification\",\"valueRequired\":true,\"valueName\":\"search_term_string\"}}],\"inLanguage\":\"es\"}]}<\/script>\n<!-- \/ Yoast SEO plugin. -->","yoast_head_json":{"title":"Autoconsumo fotovoltaico - Also Casals","robots":{"index":"index","follow":"follow","max-snippet":"max-snippet:-1","max-image-preview":"max-image-preview:large","max-video-preview":"max-video-preview:-1"},"canonical":"https:\/\/www.ac-inst.com\/es\/autoconsumo-fotovoltaico\/","og_locale":"es_ES","og_type":"article","og_title":"Autoconsumo fotovoltaico - Also Casals","og_description":"\u00a1Genera tu propia energia! \u00a1AHORA ES EL MOMENTO! DE LA ENERGIA SOLAR. DE AHORRAR DE VERDAD A COSTE 0. DE DECIDIR QU\u00c9 FUTURO QUEREMOS. DEL FINANCIACI\u00d3N GRATUITA. Finan\u00e7ament fins a dos anys sense interessos! I si contractes amb nosaltres durant el 2020 2 anys de manteniment GRATU\u00cfT!Viviendas unifamiliares, adosados, chalets &nbsp; KIT* PREU (IVA inclu\u00eddo) [&hellip;]","og_url":"https:\/\/www.ac-inst.com\/es\/autoconsumo-fotovoltaico\/","og_site_name":"Also Casals","article_modified_time":"2021-04-27T15:21:12+00:00","twitter_card":"summary_large_image","twitter_misc":{"Tiempo de lectura":"5 minutos"},"schema":{"@context":"https:\/\/schema.org","@graph":[{"@type":"WebPage","@id":"https:\/\/www.ac-inst.com\/es\/autoconsumo-fotovoltaico\/","url":"https:\/\/www.ac-inst.com\/es\/autoconsumo-fotovoltaico\/","name":"Autoconsumo fotovoltaico - Also Casals","isPartOf":{"@id":"https:\/\/www.ac-inst.com\/#website"},"datePublished":"2019-03-19T11:08:10+00:00","dateModified":"2021-04-27T15:21:12+00:00","inLanguage":"es","potentialAction":[{"@type":"ReadAction","target":["https:\/\/www.ac-inst.com\/es\/autoconsumo-fotovoltaico\/"]}]},{"@type":"WebSite","@id":"https:\/\/www.ac-inst.com\/#website","url":"https:\/\/www.ac-inst.com\/","name":"Also Casals","description":"Serveis Integrals d&#039;instal\u00b7lacions a les terres de l&#039;Ebre","potentialAction":[{"@type":"SearchAction","target":{"@type":"EntryPoint","urlTemplate":"https:\/\/www.ac-inst.com\/?s={search_term_string}"},"query-input":{"@type":"PropertyValueSpecification","valueRequired":true,"valueName":"search_term_string"}}],"inLanguage":"es"}]}},"_links":{"self":[{"href":"https:\/\/www.ac-inst.com\/es\/wp-json\/wp\/v2\/pages\/3639","targetHints":{"allow":["GET"]}}],"collection":[{"href":"https:\/\/www.ac-inst.com\/es\/wp-json\/wp\/v2\/pages"}],"about":[{"href":"https:\/\/www.ac-inst.com\/es\/wp-json\/wp\/v2\/types\/page"}],"author":[{"embeddable":true,"href":"https:\/\/www.ac-inst.com\/es\/wp-json\/wp\/v2\/users\/2"}],"replies":[{"embeddable":true,"href":"https:\/\/www.ac-inst.com\/es\/wp-json\/wp\/v2\/comments?post=3639"}],"version-history":[{"count":0,"href":"https:\/\/www.ac-inst.com\/es\/wp-json\/wp\/v2\/pages\/3639\/revisions"}],"wp:attachment":[{"href":"https:\/\/www.ac-inst.com\/es\/wp-json\/wp\/v2\/media?parent=3639"}],"curies":[{"name":"wp","href":"https:\/\/api.w.org\/{rel}","templated":true}]}}