{"id":1429,"date":"2019-02-07T11:00:03","date_gmt":"2019-02-07T10:00:03","guid":{"rendered":"https:\/\/www.alsocasals.com\/?page_id=1429"},"modified":"2022-01-29T18:55:57","modified_gmt":"2022-01-29T16:55:57","slug":"aviso-legal","status":"publish","type":"page","link":"https:\/\/www.ac-inst.com\/es\/aviso-legal\/","title":{"rendered":"Aviso legal"},"content":{"rendered":"<p><strong><span style=\"vertical-align: inherit;\"><span style=\"vertical-align: inherit;\">informaci\u00f3n Corporativa<\/span><\/span><\/strong><\/p>\n<p><span style=\"vertical-align: inherit;\"><span style=\"vertical-align: inherit;\">En virtud de las obligaciones establecidas por la Ley 34\/2002, de Servicios de la Sociedad de la Informaci\u00f3n y de Comercio Electr\u00f3nico, le informamos que esta p\u00e1gina web es propiedad de Also Casals Instal.lacions, S.L., con CIF B43831593 con domicilio en PI BAIX EBRE, CALLE y, NAVE 312, 43500 TORTOSA, (Tarragona) y con los siguientes datos de contacto: 977445339 \/ ralsoj@alsocasals.com. <\/span><\/span><br \/>\n<span style=\"vertical-align: inherit;\"><span style=\"vertical-align: inherit;\">Esta sociedad consta inscrita en el Registro Mercantil.<\/span><\/span><\/p>\n<p><strong><span style=\"vertical-align: inherit;\"><span style=\"vertical-align: inherit;\">Protecci\u00f3n de Contenidos<\/span><\/span><\/strong><\/p>\n<p><span style=\"vertical-align: inherit;\"><span style=\"vertical-align: inherit;\">El usuario reconoce y acepta que todos los derechos de propiedad industrial e intelectual sobre los contenidos y \/ o cualesquiera otros elementos insertados por Also Casals Instal.lacions, S.L. en esta p\u00e1gina Web (incluyendo, a t\u00edtulo meramente enunciativo y no limitativo, todos aquellos elementos que conforman la apariencia visual, imagen gr\u00e1fica y otros est\u00edmulos sensoriales del sitio web o \u00ablook and feel\u00bb: marcas, logotipos, nombres comerciales, textos, im\u00e1genes, gr\u00e1ficos, dise\u00f1os, sonidos, bases de datos, software, diagramas de flujo, presentaci\u00f3n, arquitectura de navegaci\u00f3n, as\u00ed como los c\u00f3digos fuente de las p\u00e1ginas web) pertenecen a Also Casals Instal.lacions, S.L. y \/ oa terceros a los que les han sido cedidos sus derechos.<\/span><\/span><\/p>\n<p><span style=\"vertical-align: inherit;\"><span style=\"vertical-align: inherit;\">En ning\u00fan caso, el acceso al Sitio Web implica alg\u00fan tipo de permiso, renuncia, transmisi\u00f3n, licencia o cesi\u00f3n total ni parcial de dichos derechos por parte de sus titulares, salvo que se establezca expresamente lo contrario. <\/span><span style=\"vertical-align: inherit;\">Estos t\u00e9rminos y condiciones de uso del Sitio Web no confieren a los Usuarios ning\u00fan otro derecho de utilizaci\u00f3n, alteraci\u00f3n, explotaci\u00f3n, reproducci\u00f3n, distribuci\u00f3n o comunicaci\u00f3n p\u00fablica del Sitio Web y \/ o de sus contenidos diferente a los aqu\u00ed expresamente previstos.<\/span><\/span><\/p>\n<p><span style=\"vertical-align: inherit;\"><span style=\"vertical-align: inherit;\">Queda totalmente prohibida la utilizaci\u00f3n de estos elementos, su total o parcial reproducci\u00f3n, comunicaci\u00f3n y \/ o distribuci\u00f3n con fines comerciales o lucrativos, as\u00ed como su modificaci\u00f3n, alteraci\u00f3n, descompilaci\u00f3n y \/ o cualquier otro acto de explotaci\u00f3n del Sitio Web. <\/span><\/span><br \/>\n<span style=\"vertical-align: inherit;\"><span style=\"vertical-align: inherit;\">Sin perjuicio de lo anterior, si el usuario o un tercero estima que alg\u00fan contenido del Sitio Web puede vulnerar los derechos de propiedad intelectual e industrial, rogamos que lo que lo notifique lo antes posible.<\/span><\/span><\/p>\n<p><strong><span style=\"vertical-align: inherit;\"><span style=\"vertical-align: inherit;\">Acceso y Uso del Sitio Web<\/span><\/span><\/strong><\/p>\n<p><span style=\"vertical-align: inherit;\"><span style=\"vertical-align: inherit;\">Tanto el acceso al Sitio Web como el uso no consentido que pueda hacerse de la informaci\u00f3n contenida en la p\u00e1gina es exclusivamente responsabilidad de quien lo realiza.<\/span><\/span><\/p>\n<p><span style=\"vertical-align: inherit;\"><span style=\"vertical-align: inherit;\">El usuario se compromete a utilizar los contenidos, informaci\u00f3n y datos del Sitio Web de conformidad con las condiciones, t\u00e9rminos y pol\u00edticas vigentes, con la normativa de aplicaci\u00f3n y con las buenas costumbres generalmente aceptadas y el orden p\u00fablico.<\/span><\/span><\/p>\n<p><span style=\"vertical-align: inherit;\"><span style=\"vertical-align: inherit;\">El usuario se abstendr\u00e1 de utilizar los contenidos del Sitio Web con fines o efectos il\u00edcitos, prohibidos o contrarios a los aqu\u00ed establecidos, lesivos de los derechos e intereses de Also Casals Instal.lacions, S.L., del resto de usuarios, de terceros o que de cualquier forma puedan da\u00f1ar, inutilizar, sobrecargar o deteriorar este Sitio Web o impedir la normal utilizaci\u00f3n o el hecho de disfrutar de ellas por parte de los usuarios.<\/span><\/span><\/p>\n<p><span style=\"vertical-align: inherit;\"><span style=\"vertical-align: inherit;\">Also Casals Instal.lacions, S.L. no responder\u00e1 de ninguna consecuencia, da\u00f1o o perjuicio que pudiera derivarse de dicho acceso o uso o del incumplimiento de las presentes condiciones, t\u00e9rminos y pol\u00edticas ni se har\u00e1 responsable de los errores de seguridad que se puedan producir ni de los desperfectos que se puedan causar al sistema inform\u00e1tico del usuario (hardware y software) o los ficheros o documentos almacenados en el mismo como consecuencia de:<\/span><\/span><\/p>\n<ol>\n<li><span style=\"vertical-align: inherit;\"><span style=\"vertical-align: inherit;\">la presencia de un virus en el ordenador del usuario que sea utilizado para la conexi\u00f3n a los servicios y \/ o productos ofrecidos por Also Casals Instal.lacions, S.L. a trav\u00e9s de su Sitio Web;<\/span><\/span><\/li>\n<li><span style=\"vertical-align: inherit;\"><span style=\"vertical-align: inherit;\">un mal funcionamiento del navegador;<\/span><\/span><\/li>\n<li><span style=\"vertical-align: inherit;\"><span style=\"vertical-align: inherit;\">el uso de versiones no actualizadas del sistema.<\/span><\/span><\/li>\n<\/ol>\n<p>&nbsp;<\/p>\n<p><strong><span style=\"vertical-align: inherit;\"><span style=\"vertical-align: inherit;\">Enlaces a terceros<\/span><\/span><\/strong><\/p>\n<p><span style=\"vertical-align: inherit;\"><span style=\"vertical-align: inherit;\">En este Sitio Web se pueden utilizar enlaces a otras p\u00e1ginas web. <\/span><span style=\"vertical-align: inherit;\">Also Casals Instal.lacions, S.L. no se responsabiliza ni del contenido ni de las medidas de seguridad adoptadas por cualquier otra p\u00e1gina web a la que se tiene acceso desde este Sitio Web, p\u00e1ginas a las que el interesado accede bajo su \u00fanica responsabilidad .<\/span><\/span><\/p>\n<p><span style=\"vertical-align: inherit;\"><span style=\"vertical-align: inherit;\">Del mismo modo, tampoco se garantiza la ausencia de virus u otros elementos en los contenidos enlazados desde el Sitio Web de Also Casals Instal.lacions, S.L. que puedan producir alteraciones en el sistema inform\u00e1tico (hardware y software) y \/ o en los documentos o los ficheros del usuario, eximiendo igualmente Also Casals Instal.lacions, S.L. de toda responsabilidad derivada de los da\u00f1os de cualquier tipo ocasionados por todo lo descrito anteriormente.<\/span><\/span><\/p>\n<p><strong><span style=\"vertical-align: inherit;\"><span style=\"vertical-align: inherit;\">redes sociales<\/span><\/span><\/strong><\/p>\n<p><span style=\"vertical-align: inherit;\"><span style=\"vertical-align: inherit;\">Le informamos que Also Casals Instal.lacions, S.L. puede estar presente en las redes sociales. <\/span><span style=\"vertical-align: inherit;\">El tratamiento de los datos que se lleve a cabo de las personas que se hagan seguidoras en las redes sociales (y \/ o realicen cualquier v\u00ednculo o acci\u00f3n de conexi\u00f3n a trav\u00e9s de las redes sociales) de las p\u00e1ginas oficiales de Also Casals Instal.lacions, S.L. se regir\u00e1 por este apartado, as\u00ed como para aquellas condiciones de uso, pol\u00edticas de privacidad y normativas de acceso que pertenezcan a la red social que proceda en cada caso y aceptadas previamente por el usuario.<\/span><\/span><\/p>\n<p><span style=\"vertical-align: inherit;\"><span style=\"vertical-align: inherit;\">Also Casals Instal.lacions, S.L. tratar\u00e1 sus datos con el fin de administrar correctamente su presencia en la red social, inform\u00e1ndole de actividades, productos o servicios de Also Casals Instal.lacions, S.L., as\u00ed como con cualquier otra finalidad que las normativas de las Redes Sociales permitan.<\/span><\/span><\/p>\n<p><span style=\"vertical-align: inherit;\"><span style=\"vertical-align: inherit;\">Queda prohibida la publicaci\u00f3n de contenidos:<\/span><\/span><\/p>\n<ul>\n<li><span style=\"vertical-align: inherit;\"><span style=\"vertical-align: inherit;\">Que sean presuntamente il\u00edcitos por la normativa nacional, comunitaria o internacional o que realicen actividades presuntamente il\u00edcitas o contravengan los principios de la buena fe.<\/span><\/span><\/li>\n<li><span style=\"vertical-align: inherit;\"><span style=\"vertical-align: inherit;\">Que atenten contra los derechos fundamentales de las personas, falten a la cortes\u00eda en la red, molesten o puedan generar opiniones negativas en nuestros usuarios o terceros y en general cualquier contenido que Also Casals Instal.lacions, S.L. considere no apropiados.<\/span><\/span><\/li>\n<li><span style=\"vertical-align: inherit;\"><span style=\"vertical-align: inherit;\">Y en general que contravengan los principios de legalidad, honorabilidad, responsabilidad, protecci\u00f3n de la dignidad humana, protecci\u00f3n de menores, protecci\u00f3n del orden p\u00fablico, la protecci\u00f3n de la vida privada, protecci\u00f3n del consumidor y los derechos de propiedad intelectual e industrial.<\/span><\/span><\/li>\n<li><span style=\"vertical-align: inherit;\"><span style=\"vertical-align: inherit;\">Sin embargo, Also Casals Instal.lacions, S.L. se reserva la potestad de retirar, sin previo aviso de la p\u00e1gina web o de la red social corporativa aquellos contenidos que se consideren no apropiados.<\/span><\/span><\/li>\n<\/ul>\n<p>&nbsp;<\/p>\n<p><strong><span style=\"vertical-align: inherit;\"><span style=\"vertical-align: inherit;\">Modificaci\u00f3n del AVISO LEGAL, Pol\u00edtica de Privacidad y de Protecci\u00f3n de  <\/span><\/span><\/strong><strong><span style=\"vertical-align: inherit;\"><span style=\"vertical-align: inherit;\">Datos.<\/span><\/span><\/strong><\/p>\n<p><span style=\"vertical-align: inherit;\"><span style=\"vertical-align: inherit;\">El Responsable del Fichero se reserva el derecho a modificar en todo momento y sin previo aviso las presentes condiciones, t\u00e9rminos y pol\u00edticas de privacidad para adaptarlas a las novedades legislativas o jurisprudenciales as\u00ed como a las modificaciones o pr\u00e1cticas de la industria, con el obligaci\u00f3n, por parte del usuario de consultar peri\u00f3dicamente estas condiciones, t\u00e9rminos y pol\u00edticas con el fin de comprobar o asegurarse de la existencia de cambios, tomando como referencia la fecha de la \u00faltima actualizaci\u00f3n.<\/span><\/span><\/p>\n","protected":false},"excerpt":{"rendered":"<p>informaci\u00f3n Corporativa En virtud de las obligaciones establecidas por la Ley 34\/2002, de Servicios de la Sociedad de la Informaci\u00f3n y de Comercio Electr\u00f3nico, le informamos que esta p\u00e1gina web es propiedad de Also Casals Instal.lacions, S.L., con CIF B43831593 con domicilio en PI BAIX EBRE, CALLE y, NAVE 312, 43500 TORTOSA, (Tarragona) y con [&hellip;]<\/p>\n","protected":false},"author":2,"featured_media":0,"parent":0,"menu_order":0,"comment_status":"closed","ping_status":"closed","template":"","meta":{"_et_pb_use_builder":"","_et_pb_old_content":"","_et_gb_content_width":"","footnotes":""},"class_list":["post-1429","page","type-page","status-publish","hentry"],"yoast_head":"<!-- This site is optimized with the Yoast SEO plugin v27.5 - https:\/\/yoast.com\/product\/yoast-seo-wordpress\/ -->\n<title>Aviso legal - Also Casals<\/title>\n<meta name=\"robots\" content=\"noindex, follow\" \/>\n<meta property=\"og:locale\" content=\"es_ES\" \/>\n<meta property=\"og:type\" content=\"article\" \/>\n<meta property=\"og:title\" content=\"Aviso legal - Also Casals\" \/>\n<meta property=\"og:description\" content=\"informaci\u00f3n Corporativa En virtud de las obligaciones establecidas por la Ley 34\/2002, de Servicios de la Sociedad de la Informaci\u00f3n y de Comercio Electr\u00f3nico, le informamos que esta p\u00e1gina web es propiedad de Also Casals Instal.lacions, S.L., con CIF B43831593 con domicilio en PI BAIX EBRE, CALLE y, NAVE 312, 43500 TORTOSA, (Tarragona) y con [&hellip;]\" \/>\n<meta property=\"og:url\" content=\"https:\/\/www.ac-inst.com\/es\/aviso-legal\/\" \/>\n<meta property=\"og:site_name\" content=\"Also Casals\" \/>\n<meta property=\"article:modified_time\" content=\"2022-01-29T16:55:57+00:00\" \/>\n<meta name=\"twitter:card\" content=\"summary_large_image\" \/>\n<meta name=\"twitter:label1\" content=\"Tiempo de lectura\" \/>\n\t<meta name=\"twitter:data1\" content=\"6 minutos\" \/>\n<script type=\"application\/ld+json\" class=\"yoast-schema-graph\">{\"@context\":\"https:\\\/\\\/schema.org\",\"@graph\":[{\"@type\":\"WebPage\",\"@id\":\"https:\\\/\\\/www.ac-inst.com\\\/es\\\/aviso-legal\\\/\",\"url\":\"https:\\\/\\\/www.ac-inst.com\\\/es\\\/aviso-legal\\\/\",\"name\":\"Aviso legal - Also Casals\",\"isPartOf\":{\"@id\":\"https:\\\/\\\/www.ac-inst.com\\\/#website\"},\"datePublished\":\"2019-02-07T10:00:03+00:00\",\"dateModified\":\"2022-01-29T16:55:57+00:00\",\"inLanguage\":\"es\",\"potentialAction\":[{\"@type\":\"ReadAction\",\"target\":[\"https:\\\/\\\/www.ac-inst.com\\\/es\\\/aviso-legal\\\/\"]}]},{\"@type\":\"WebSite\",\"@id\":\"https:\\\/\\\/www.ac-inst.com\\\/#website\",\"url\":\"https:\\\/\\\/www.ac-inst.com\\\/\",\"name\":\"Also Casals\",\"description\":\"Serveis Integrals d&#039;instal\u00b7lacions a les terres de l&#039;Ebre\",\"potentialAction\":[{\"@type\":\"SearchAction\",\"target\":{\"@type\":\"EntryPoint\",\"urlTemplate\":\"https:\\\/\\\/www.ac-inst.com\\\/?s={search_term_string}\"},\"query-input\":{\"@type\":\"PropertyValueSpecification\",\"valueRequired\":true,\"valueName\":\"search_term_string\"}}],\"inLanguage\":\"es\"}]}<\/script>\n<!-- \/ Yoast SEO plugin. -->","yoast_head_json":{"title":"Aviso legal - Also Casals","robots":{"index":"noindex","follow":"follow"},"og_locale":"es_ES","og_type":"article","og_title":"Aviso legal - Also Casals","og_description":"informaci\u00f3n Corporativa En virtud de las obligaciones establecidas por la Ley 34\/2002, de Servicios de la Sociedad de la Informaci\u00f3n y de Comercio Electr\u00f3nico, le informamos que esta p\u00e1gina web es propiedad de Also Casals Instal.lacions, S.L., con CIF B43831593 con domicilio en PI BAIX EBRE, CALLE y, NAVE 312, 43500 TORTOSA, (Tarragona) y con [&hellip;]","og_url":"https:\/\/www.ac-inst.com\/es\/aviso-legal\/","og_site_name":"Also Casals","article_modified_time":"2022-01-29T16:55:57+00:00","twitter_card":"summary_large_image","twitter_misc":{"Tiempo de lectura":"6 minutos"},"schema":{"@context":"https:\/\/schema.org","@graph":[{"@type":"WebPage","@id":"https:\/\/www.ac-inst.com\/es\/aviso-legal\/","url":"https:\/\/www.ac-inst.com\/es\/aviso-legal\/","name":"Aviso legal - Also Casals","isPartOf":{"@id":"https:\/\/www.ac-inst.com\/#website"},"datePublished":"2019-02-07T10:00:03+00:00","dateModified":"2022-01-29T16:55:57+00:00","inLanguage":"es","potentialAction":[{"@type":"ReadAction","target":["https:\/\/www.ac-inst.com\/es\/aviso-legal\/"]}]},{"@type":"WebSite","@id":"https:\/\/www.ac-inst.com\/#website","url":"https:\/\/www.ac-inst.com\/","name":"Also Casals","description":"Serveis Integrals d&#039;instal\u00b7lacions a les terres de l&#039;Ebre","potentialAction":[{"@type":"SearchAction","target":{"@type":"EntryPoint","urlTemplate":"https:\/\/www.ac-inst.com\/?s={search_term_string}"},"query-input":{"@type":"PropertyValueSpecification","valueRequired":true,"valueName":"search_term_string"}}],"inLanguage":"es"}]}},"_links":{"self":[{"href":"https:\/\/www.ac-inst.com\/es\/wp-json\/wp\/v2\/pages\/1429","targetHints":{"allow":["GET"]}}],"collection":[{"href":"https:\/\/www.ac-inst.com\/es\/wp-json\/wp\/v2\/pages"}],"about":[{"href":"https:\/\/www.ac-inst.com\/es\/wp-json\/wp\/v2\/types\/page"}],"author":[{"embeddable":true,"href":"https:\/\/www.ac-inst.com\/es\/wp-json\/wp\/v2\/users\/2"}],"replies":[{"embeddable":true,"href":"https:\/\/www.ac-inst.com\/es\/wp-json\/wp\/v2\/comments?post=1429"}],"version-history":[{"count":1,"href":"https:\/\/www.ac-inst.com\/es\/wp-json\/wp\/v2\/pages\/1429\/revisions"}],"predecessor-version":[{"id":7977,"href":"https:\/\/www.ac-inst.com\/es\/wp-json\/wp\/v2\/pages\/1429\/revisions\/7977"}],"wp:attachment":[{"href":"https:\/\/www.ac-inst.com\/es\/wp-json\/wp\/v2\/media?parent=1429"}],"curies":[{"name":"wp","href":"https:\/\/api.w.org\/{rel}","templated":true}]}}